{"version":"1.0","provider_name":"Meg\u0151r\u00fcltem","provider_url":"https:\/\/gombi.cafeblog.hu","author_name":"Gombi","author_url":"https:\/\/gombi.cafeblog.hu\/author\/Gombi\/","title":"Tutto!","html":"<span style=\"font-size: 12px;\">Tetszett nekem m\u00e1r kor\u00e1bban ez a nyelv. Olyan j\u00f3 kis hangos, de m\u00e9gis dallamos, egy kicsit er\u0151szakos, teljesen kaotikus, de m\u00e9gis olyan j\u00f3 \u00e9rz\u00e9st kelt az emberben. Eddig nem volt olyan nagyon nyom\u00f3s okom, hogy olaszul tanuljak, de aki babakocsid\u00edler, \u00e9s It\u00e1li\u00e1b\u00f3l hozza a szebbn\u00e9l szebb csod\u00e1kat, annak l\u00e1sukk be, van m\u00e1r oka nekil\u00e1tni.<\/span><br><br><span style=\"font-size: 12px;\">Nagyon szerencs\u00e9s vagyok, mert a munkahelyem t\u00e1mogat, \u00e9s csak azt v\u00e1rj\u00e1k el, hogy egy id\u0151 ut\u00e1n m\u00e1r ne csak angolul besz\u00e9lgessek vel\u00fck, hanem olaszul is traccsoljunk. \u00c9n belelkes\u00fcltem, \u00e9s elhat\u00e1roztam, hogy akkor j\u00f6het a tanfolyam. Vagy mag\u00e1ntan\u00e1r. No ebb\u0151l a vagy mag\u00e1ntan\u00e1r lett, mert aut\u00f3 n\u00e9lk\u00fcl igen neh\u00e9zkes kimozdulni kisfalumbul. Tal\u00e1ltam is kisfalumban egy tan\u00e1r n\u00e9nit, meg is egyezkedt\u00fcnk, majd v\u00e1rtam, hogy sms-ben elk\u00fcldje, hogy melyik k\u00f6nyvet vegyem meg. K\u00e9t h\u00e9tig v\u00e1rtam az \u00fczenet\u00e9t, majd felh\u00edvtam p\u00e1rszor (naponta p\u00e1rszor), hagytam \u00e9s is \u00fczenetet, \u00e9s 3-4 h\u00e9t ut\u00e1n nagy nehezen felvette a telefont, \u00e9s kital\u00e1lta, hogy \u0151 ink\u00e1bb m\u00e9gse. Pedig micsoda j\u00f3 lett volna, csak p\u00e1r h\u00e1zzal od\u00e9bb menni.<\/span><br><span style=\"font-size: 12px;\">Elkeseredtem, hogy \u00e9n m\u00e1r nem is tal\u00e1lok j\u00f3 tant\u00f3n\u00e9nit a k\u00f6zelben, azt\u00e1n egyszer csak j\u00f6tt a csoda, \u00e9s lett n\u00e9nim. \u00dagyhogy vele m\u00e1r t\u00f6bbsz\u00f6r egyeztettem egy h\u00e9t alatt, hogy akkor tutizzuk \u00e1m le rendesen, \u00e9s ma lesz a nagy nap, este olasz\u00f3ra, csak nekem :)<\/span><br><span style=\"font-size: 12px;\">\u00dagyhogy p\u00e1r h\u00e9t, \u00e9s lesz nagy italiano blog.<\/span><br><br><span style=\"font-size: 12px;\">Nem meg lenni nagy arc meg \u00f6nbizalom.<\/span><br><br><span style=\"font-size: 12px;\">\u00c1men :)<\/span><br>\n<p>&nbsp;<\/p>","type":"rich"}