{"version":"1.0","provider_name":"Meg\u0151r\u00fcltem","provider_url":"https:\/\/gombi.cafeblog.hu","author_name":"Gombi","author_url":"https:\/\/gombi.cafeblog.hu\/author\/Gombi\/","title":"K\u00f6telez\u0151 unalom","html":"<P><SPAN style=\"FONT-SIZE: 13px\">&nbsp;Munkan\u00e9lk\u00fcli lettem. Ami nem baj, mert a munk\u00e1mat hi\u00e1ba szerettem,&nbsp;a f\u0151n\u00f6k\u00f6met \u00e9s annak poronty\u00e1t ut\u00e1ltam. \u00c9s mivel ezek ketten aszerint rugdost\u00e1k ki az embereket, ahogy aznap \u00e9bredtek, minden reggel az volt az els\u0151 k\u00e9rd\u00e9s a koll\u00e9g\u00e1k k\u00f6z\u00f6tt, hogy hoztak-e kaj\u00e1t, mert nem biztos, hogy eb\u00e9dig maradunk. H\u00e1t nem maradtam, el\u0151ttem ketten t\u00e1voztak k\u00e9r\u00e9sre, egyvalaki \u00f6nsz\u00e1nt\u00e1b\u00f3l. Ut\u00e1nam pedig h\u00e1rom p\u00e9nz\u00fcgyes l\u00e1nyk\u00e1nak, \u00e9s m\u00e9g h\u00e1rom rendszergazd\u00e1nak adj\u00e1k ki az \u00fatj\u00e1t. <\/SPAN><\/P>\r\n<P><SPAN style=\"FONT-SIZE: 13px\">\u00cdgy h\u00e1t kedd \u00f3ta itthon vagyok. Kedden nem voltam hajland\u00f3 munk\u00e1t keresni, szerd\u00e1n nekiestem, \u00e9s p\u00e9nteken m\u00e1r interj\u00fan voltam, de valahogy nem t\u0171nt az igazinak. No de ez nem is akkora baj. A baj az, hogy itthon unatkozom. A bar\u00e1taim dolgoznak, csal\u00e1doznak, k\u00f6lyk\u00f6ket pr\u00f3b\u00e1lnak nevelni, sz\u00f3val nem \u00e9rnek r\u00e1. Az \u00f6cs\u00e9m meg azt j\u00e1tsza, hogy ha megy valahov\u00e1, nem csak hogy nem k\u00e9rdezi meg, hogy esetleg lenne-e kedvem, de ha csak \u00fagy f\u00e9lig viccesen sz\u00f3lok, hogy mag\u00e1val vihetne, akkor azt mondja ok\u00e9s, de azt\u00e1n a sz\u0151nyeg alatt sunnyog ki a h\u00e1zb\u00f3l. Ha pedig azt akarja, hogy fuvarozzam, mert inni \u00f3hajt, akkor j\u00f3 el\u0151re elmondja, hogy ahov\u00e1 \u0151 megy, ott \u00e9n biztosan nagyon szarul \u00e9rezn\u00e9m magam, \u00fagyhogy szerinte majd ink\u00e1bb menjek vissza \u00e9rte, ha h\u00edv. H\u00e1t err\u0151l ennyit. \u00c9s megint kezdek rand\u00e1n viselkedni a fam\u00edli\u00e1val, teh\u00e1t kin\u00e9z egy cuki kis g\u00f6d\u00f6r. VALAKIIII! <\/SPAN><\/P>\r\n<P><SPAN style=\"FONT-SIZE: 13px\">Anyus, menj\u00fcnk egy\u00fctt a falnak...<\/SPAN><\/P>","type":"rich"}