{"version":"1.0","provider_name":"Meg\u0151r\u00fcltem","provider_url":"https:\/\/gombi.cafeblog.hu","author_name":"Gombi","author_url":"https:\/\/gombi.cafeblog.hu\/author\/Gombi\/","title":"Munkam\u00e1nia","html":"<span style=\"font-size: 16px;\"><\/span><span style=\"font-size: 16px;\"><\/span><br><div style=\"text-align: justify;\"><span style=\"font-size: 16px;\"><\/span><span style=\"font-size: 16px;\">&nbsp;&nbsp;&nbsp;<span style=\"font-size: 14px;\"> <\/span><span style=\"font-family: Arial; font-size: 14px;\">Az van, k\u00e9rem sz\u00e9pen. Ugyanis m\u00e1r nagyon k\u00ednl\u00f3dok a kupecked\u00e9ssel, meg az \u00faj kollegin\u00e1val. P\u00e9nteken elaludt a lelkem, \u00e9s siker\u00fclt f\u00e9l egyre be\u00e9rnie. A t\u00f6bbiek el\u0151sz\u00f6r csak megk\u00e9rdezt\u00e9k, hogy miva', de nem tudtam v\u00e1laszolni. Azt\u00e1n t\u00edz k\u00f6r\u00fcl felh\u00edvta a f\u0151n\u00f6k\u00f6met, hogy \u00e1ramsz\u00fcnet volt, ez\u00e9rt elaludt (\u00e9s a telefon??). D\u00e9lben felmer\u00fclt a t\u00f6bbiekben, hogy l\u00e1tjuk-e m\u00e9g valaha, azt\u00e1n megk\u00e9rt a f\u0151n\u00f6k, hogy h\u00edvjam m\u00e1r fel, hogy egy\u00e1ltal\u00e1n sz\u00e1m\u00edthatunk-e m\u00e9g r\u00e1 az id\u00e9n. Akkor m\u00e1r csak \u00f6t percre volt t\u0151l\u00fcnk, de persze ahogy lepakolt, s\u00fcrg\u0151sen el kellett int\u00e9znie egy h\u00faszerces telefont, azt\u00e1n elsz\u00edvni egy cigit, panaszkodni, hogy \u0151 tiszta ideg, s\u00edrni, hogy m\u00e9g mindig nincs g\u00e9pe, \u00e9s elmes\u00e9lni, hogy pelenk\u00e1zza a kuty\u00e1j\u00e1t, aki \u00e9pp t\u00fczel, \u00e9s miylen aranyos, mert hagyja. <\/span><br><span style=\"font-family: Arial; font-size: 14px;\">&nbsp;&nbsp;&nbsp; A hajam lassan megint elkezdett hullani, de szerencs\u00e9mre kett\u0151re interj\u00fara kellett mennem, ez\u00e9rt egykor lel\u00e9ptem (lassan szerintem ez is gyan\u00fas lesz). M\u00e9g d\u00e9lel\u0151tt t\u00f6rt\u00e9nt, hogy a rendszergizda megk\u00e9rdezte, hogy hozzon-e egy\u00e1ltal\u00e1n g\u00e9pet, mert \u0151 sz\u00edvesen h\u00fazza az id\u0151t... Azt\u00e1n megk\u00e9rtem, hogy ha m\u00e9gis felbukkanna a kollegina, akkor p\u00f6rgesse fel mag\u00e1t, mert engem kerget a s\u00edrba azzal, hogy eg\u00e9sz nap piszk\u00e1lgat a g\u00e9pe miatt. No Mindegy.<\/span><br><span style=\"font-family: Arial; font-size: 14px;\">&nbsp;&nbsp;&nbsp; J\u00f6v\u0151 szerd\u00e1n megint le kell l\u00e9nem, de ez\u00fattal d\u00e9lut\u00e1n f\u00e9l \u00f6tre k\u00e9rtem id\u0151pontot a m\u00e1sodik k\u00f6r\u00f6s interj\u00fara, h\u00e1tha az nem le<\/span><span style=\"font-size: 16px;\"><\/span><span style=\"font-family: Arial; font-size: 14px;\">sz olyan felt\u0171n\u0151...&nbsp; \u00c9s m\u00e1r nagyon szeretn\u00e9k tal\u00e1lni valami m\u00e1st, mert itt hamarosan megkattanok, \u00e9s nem kell tavaszi kab\u00e1tra k\u00f6lteni, mert \u00fagyis kapok musz\u00e1jdzsekit.<\/span><\/span><br><br><span style=\"font-size: 14px; font-family: Arial;\">GD: mostan ez csak neked sz\u00f3l, a knemeth@freemail.hu c\u00edmen b\u00e1rmikor megtal\u00e1lsz, \u00e9s m\u00e1r nagyon v\u00e1rom, hogy t\u00e9nyleg meg is tal\u00e1lj :)<\/span><br><br><br> <\/div><p style=\"text-align: justify;\"><span style=\"font-size: 16px;\">&nbsp;<\/span><\/p>","type":"rich"}